{"id":29553,"date":"2023-10-24T15:07:01","date_gmt":"2023-10-24T13:07:01","guid":{"rendered":"https:\/\/www.medoucine.com\/blog\/?page_id=29553"},"modified":"2023-12-19T16:50:05","modified_gmt":"2023-12-19T15:50:05","slug":"pratiques-complementaires-et-cadre-de-confiance-le-guide","status":"publish","type":"page","link":"https:\/\/www.medoucine.com\/blog\/pratiques-complementaires-et-cadre-de-confiance-le-guide\/","title":{"rendered":"Pratiques compl\u00e9mentaires et cadre de confiance"},"content":{"rendered":"<div class=\"wpb-content-wrapper\">[vc_row css=\u00a0\u00bb.vc_custom_1592902009175{margin-top: -20px !important;}\u00a0\u00bb][vc_column][vc_row_inner][\/vc_row_inner][vc_column_inner width=\u00a0\u00bb2\/3&Prime;][\/vc_column_inner][vc_single_image image=\u00a0\u00bb29555&Prime; img_size=\u00a0\u00bbfull\u00a0\u00bb alignment=\u00a0\u00bbcenter\u00a0\u00bb css=\u00a0\u00bb.vc_custom_1698152295216{margin-bottom: 15px !important;}\u00a0\u00bb][vc_separator][vc_column_text]Vous consultez un praticien en m\u00e9decines douces. Il est important que cet accompagnement se d\u00e9roule<strong> dans des conditions s\u00e9curisantes pour vous.<\/strong><\/p>\n<p>M\u00e9doucine a cr\u00e9\u00e9 en septembre 2023 <strong>un groupe de travail<\/strong> compos\u00e9 de m\u00e9decins, chercheurs, praticiens et usagers <strong>pour r\u00e9fl\u00e9chir sur le cadre de confiance n\u00e9cessaire \u00e0 l&rsquo;utilisation des pratiques compl\u00e9mentaires.<\/strong><\/p>\n<p>De ces \u00e9changes est n\u00e9e une fiche : \u00ab\u00a0<strong>Pratiques Compl\u00e9mentaires et Cadre de Confiance<\/strong>\u00ab\u00a0.<\/p>\n<p>Ce guide souhaite vous donner les cl\u00e9s relatives \u00e0 la confiance et \u00e0 la s\u00e9curit\u00e9 dans le cadre d&rsquo;un accompagnement avec un praticien.<\/p>\n<ul>\n<li>Que veux-dire consulter un praticien en toute confiance ?<\/li>\n<li>Les \u00e9l\u00e9ments qui doivent alerter<\/li>\n<li>La bonne posture du praticien<\/li>\n<\/ul>\n<p>Ces \u00e9l\u00e9ments ont \u00e9t\u00e9 valid\u00e9s par un sondage r\u00e9alis\u00e9 aupr\u00e8s de 900 usagers des pratiques compl\u00e9mentaires.<\/p>\n<p>Vous pouvez t\u00e9l\u00e9charger la fiche ci-dessous. N&rsquo;h\u00e9sitez pas \u00e0 la diffuser largement.[\/vc_column_text][\/vc_column][\/vc_row][vc_row][vc_column][vc_single_image image=\u00a0\u00bb29556&Prime; img_size=\u00a0\u00bblarge\u00a0\u00bb alignment=\u00a0\u00bbcenter\u00a0\u00bb onclick=\u00a0\u00bbcustom_link\u00a0\u00bb link=\u00a0\u00bbhttps:\/\/www.medoucine.com\/blog\/\/wp-content\/uploads\/2023\/10\/Pratiques-compl%C3%A9mentaires-et-cadre-de-confiance-M%C3%A9doucine-1.pdf\u00a0\u00bb][vc_single_image image=\u00a0\u00bb29563&Prime; img_size=\u00a0\u00bblarge\u00a0\u00bb alignment=\u00a0\u00bbcenter\u00a0\u00bb onclick=\u00a0\u00bbcustom_link\u00a0\u00bb link=\u00a0\u00bbhttps:\/\/www.medoucine.com\/blog\/\/wp-content\/uploads\/2023\/10\/Pratiques-compl%C3%A9mentaires-et-cadre-de-confiance-M%C3%A9doucine-1.pdf\u00a0\u00bb][\/vc_column][\/vc_row][vc_row][vc_column][vc_btn title=\u00a0\u00bbJe t\u00e9l\u00e9charge la fiche\u00a0\u00bb color=\u00a0\u00bbpink\u00a0\u00bb align=\u00a0\u00bbcenter\u00a0\u00bb link=\u00a0\u00bburl:https%3A%2F%2Fwww.medoucine.com%2Fblog%2Fwp-content%2Fuploads%2F2023%2F10%2FPratiques-compl%25C3%25A9mentaires-et-cadre-de-confiance-M%25C3%25A9doucine-1.pdf|||\u00a0\u00bb][\/vc_column][\/vc_row]\n<\/div>","protected":false},"excerpt":{"rendered":"<p>[vc_row css=\u00a0\u00bb.vc_custom_1592902009175{margin-top: -20px !important;}\u00a0\u00bb][vc_column][vc_row_inner][\/vc_row_inner][vc_column_inner width=\u00a0\u00bb2\/3&Prime;][\/vc_column_inner][vc_single_image image=\u00a0\u00bb29555&Prime; img_size=\u00a0\u00bbfull\u00a0\u00bb alignment=\u00a0\u00bbcenter\u00a0\u00bb css=\u00a0\u00bb.vc_custom_1698152295216{margin-bottom: 15px !important;}\u00a0\u00bb][vc_separator][vc_column_text]Vous consultez un praticien en m\u00e9decines douces. Il est important que cet accompagnement se d\u00e9roule dans des conditions s\u00e9curisantes pour vous. M\u00e9doucine a cr\u00e9\u00e9 en septembre 2023 un groupe de travail compos\u00e9 de m\u00e9decins, chercheurs, praticiens et usagers pour r\u00e9fl\u00e9chir sur le cadre de confiance n\u00e9cessaire \u00e0 l&rsquo;utilisation des pratiques compl\u00e9mentaires. De ces \u00e9changes est n\u00e9e une fiche : \u00ab\u00a0Pratiques Compl\u00e9mentaires et Cadre de Confiance\u00ab\u00a0. Ce guide souhaite vous donner les cl\u00e9s relatives \u00e0 la confiance et \u00e0 la s\u00e9curit\u00e9 dans le cadre d&rsquo;un accompagnement avec un praticien. Que veux-dire consulter un praticien en toute confiance ? Les \u00e9l\u00e9ments qui doivent alerter La bonne posture du praticien Ces \u00e9l\u00e9ments ont \u00e9t\u00e9 valid\u00e9s par un sondage r\u00e9alis\u00e9 aupr\u00e8s de 900 usagers des pratiques compl\u00e9mentaires. Vous pouvez [&hellip;]<\/p>\n","protected":false},"author":220,"featured_media":0,"parent":0,"menu_order":0,"comment_status":"closed","ping_status":"closed","template":"","meta":{"_acf_changed":false,"footnotes":""},"class_list":["post-29553","page","type-page","status-publish","hentry"],"acf":[],"yoast_head":"<!-- This site is optimized with the Yoast SEO plugin v27.1.1 - https:\/\/yoast.com\/product\/yoast-seo-wordpress\/ -->\n<title>Pratiques compl\u00e9mentaires et cadre de confiance ~ Blog de Medoucine<\/title>\n<meta name=\"description\" content=\"Un guide pour vous donner des cl\u00e9s relatives \u00e0 la confiance et las\u00e9curit\u00e9 dans le cadre de votre accompagnement par un praticien\" \/>\n<meta name=\"robots\" content=\"index, follow, max-snippet:-1, max-image-preview:large, max-video-preview:-1\" \/>\n<link rel=\"canonical\" href=\"https:\/\/www.medoucine.com\/blog\/pratiques-complementaires-et-cadre-de-confiance-le-guide\/\" \/>\n<meta property=\"og:locale\" content=\"fr_FR\" \/>\n<meta property=\"og:type\" content=\"article\" \/>\n<meta property=\"og:title\" content=\"Pratiques compl\u00e9mentaires et cadre de confiance ~ Blog de Medoucine\" \/>\n<meta property=\"og:description\" content=\"Un guide pour vous donner des cl\u00e9s relatives \u00e0 la confiance et las\u00e9curit\u00e9 dans le cadre de votre accompagnement par un praticien\" \/>\n<meta property=\"og:url\" content=\"https:\/\/www.medoucine.com\/blog\/pratiques-complementaires-et-cadre-de-confiance-le-guide\/\" \/>\n<meta property=\"og:site_name\" content=\"Blog de Medoucine\" \/>\n<meta property=\"article:publisher\" content=\"https:\/\/www.facebook.com\/medoucine\/\" \/>\n<meta property=\"article:modified_time\" content=\"2023-12-19T15:50:05+00:00\" \/>\n<meta name=\"twitter:card\" content=\"summary_large_image\" \/>\n<meta name=\"twitter:site\" content=\"@medoucinefr\" \/>\n<meta name=\"twitter:label1\" content=\"Dur\u00e9e de lecture estim\u00e9e\" \/>\n\t<meta name=\"twitter:data1\" content=\"2 minutes\" \/>\n<script type=\"application\/ld+json\" class=\"yoast-schema-graph\">{\"@context\":\"https:\/\/schema.org\",\"@graph\":[{\"@type\":\"WebPage\",\"@id\":\"https:\/\/www.medoucine.com\/blog\/pratiques-complementaires-et-cadre-de-confiance-le-guide\/\",\"url\":\"https:\/\/www.medoucine.com\/blog\/pratiques-complementaires-et-cadre-de-confiance-le-guide\/\",\"name\":\"Pratiques compl\u00e9mentaires et cadre de confiance ~ Blog de Medoucine\",\"isPartOf\":{\"@id\":\"https:\/\/www.medoucine.com\/blog\/#website\"},\"datePublished\":\"2023-10-24T13:07:01+00:00\",\"dateModified\":\"2023-12-19T15:50:05+00:00\",\"description\":\"Un guide pour vous donner des cl\u00e9s relatives \u00e0 la confiance et las\u00e9curit\u00e9 dans le cadre de votre accompagnement par un praticien\",\"breadcrumb\":{\"@id\":\"https:\/\/www.medoucine.com\/blog\/pratiques-complementaires-et-cadre-de-confiance-le-guide\/#breadcrumb\"},\"inLanguage\":\"fr-FR\",\"potentialAction\":[{\"@type\":\"ReadAction\",\"target\":[\"https:\/\/www.medoucine.com\/blog\/pratiques-complementaires-et-cadre-de-confiance-le-guide\/\"]}]},{\"@type\":\"BreadcrumbList\",\"@id\":\"https:\/\/www.medoucine.com\/blog\/pratiques-complementaires-et-cadre-de-confiance-le-guide\/#breadcrumb\",\"itemListElement\":[{\"@type\":\"ListItem\",\"position\":1,\"name\":\"Blog Medoucine\",\"item\":\"https:\/\/www.medoucine.com\/blog\/\"},{\"@type\":\"ListItem\",\"position\":2,\"name\":\"Pratiques compl\u00e9mentaires et cadre de confiance\"}]},{\"@type\":\"WebSite\",\"@id\":\"https:\/\/www.medoucine.com\/blog\/#website\",\"url\":\"https:\/\/www.medoucine.com\/blog\/\",\"name\":\"Blog de Medoucine\",\"description\":\"Le blog des m\u00e9decines douces\",\"publisher\":{\"@id\":\"https:\/\/www.medoucine.com\/blog\/#organization\"},\"potentialAction\":[{\"@type\":\"SearchAction\",\"target\":{\"@type\":\"EntryPoint\",\"urlTemplate\":\"https:\/\/www.medoucine.com\/blog\/?s={search_term_string}\"},\"query-input\":{\"@type\":\"PropertyValueSpecification\",\"valueRequired\":true,\"valueName\":\"search_term_string\"}}],\"inLanguage\":\"fr-FR\"},{\"@type\":\"Organization\",\"@id\":\"https:\/\/www.medoucine.com\/blog\/#organization\",\"name\":\"Medoucine\",\"url\":\"https:\/\/www.medoucine.com\/blog\/\",\"logo\":{\"@type\":\"ImageObject\",\"inLanguage\":\"fr-FR\",\"@id\":\"https:\/\/www.medoucine.com\/blog\/#\/schema\/logo\/image\/\",\"url\":\"https:\/\/www.medoucine.com\/blog\/wp-content\/uploads\/2019\/07\/logo@3x.png\",\"contentUrl\":\"https:\/\/www.medoucine.com\/blog\/wp-content\/uploads\/2019\/07\/logo@3x.png\",\"width\":555,\"height\":135,\"caption\":\"Medoucine\"},\"image\":{\"@id\":\"https:\/\/www.medoucine.com\/blog\/#\/schema\/logo\/image\/\"},\"sameAs\":[\"https:\/\/www.facebook.com\/medoucine\/\",\"https:\/\/x.com\/medoucinefr\",\"https:\/\/www.instagram.com\/medoucine\/\",\"https:\/\/www.youtube.com\/channel\/UCtZeUeJ_KebYK0KJAXjJV8g\"]}]}<\/script>\n<!-- \/ Yoast SEO plugin. -->","yoast_head_json":{"title":"Pratiques compl\u00e9mentaires et cadre de confiance ~ Blog de Medoucine","description":"Un guide pour vous donner des cl\u00e9s relatives \u00e0 la confiance et las\u00e9curit\u00e9 dans le cadre de votre accompagnement par un praticien","robots":{"index":"index","follow":"follow","max-snippet":"max-snippet:-1","max-image-preview":"max-image-preview:large","max-video-preview":"max-video-preview:-1"},"canonical":"https:\/\/www.medoucine.com\/blog\/pratiques-complementaires-et-cadre-de-confiance-le-guide\/","og_locale":"fr_FR","og_type":"article","og_title":"Pratiques compl\u00e9mentaires et cadre de confiance ~ Blog de Medoucine","og_description":"Un guide pour vous donner des cl\u00e9s relatives \u00e0 la confiance et las\u00e9curit\u00e9 dans le cadre de votre accompagnement par un praticien","og_url":"https:\/\/www.medoucine.com\/blog\/pratiques-complementaires-et-cadre-de-confiance-le-guide\/","og_site_name":"Blog de Medoucine","article_publisher":"https:\/\/www.facebook.com\/medoucine\/","article_modified_time":"2023-12-19T15:50:05+00:00","twitter_card":"summary_large_image","twitter_site":"@medoucinefr","twitter_misc":{"Dur\u00e9e de lecture estim\u00e9e":"2 minutes"},"schema":{"@context":"https:\/\/schema.org","@graph":[{"@type":"WebPage","@id":"https:\/\/www.medoucine.com\/blog\/pratiques-complementaires-et-cadre-de-confiance-le-guide\/","url":"https:\/\/www.medoucine.com\/blog\/pratiques-complementaires-et-cadre-de-confiance-le-guide\/","name":"Pratiques compl\u00e9mentaires et cadre de confiance ~ Blog de Medoucine","isPartOf":{"@id":"https:\/\/www.medoucine.com\/blog\/#website"},"datePublished":"2023-10-24T13:07:01+00:00","dateModified":"2023-12-19T15:50:05+00:00","description":"Un guide pour vous donner des cl\u00e9s relatives \u00e0 la confiance et las\u00e9curit\u00e9 dans le cadre de votre accompagnement par un praticien","breadcrumb":{"@id":"https:\/\/www.medoucine.com\/blog\/pratiques-complementaires-et-cadre-de-confiance-le-guide\/#breadcrumb"},"inLanguage":"fr-FR","potentialAction":[{"@type":"ReadAction","target":["https:\/\/www.medoucine.com\/blog\/pratiques-complementaires-et-cadre-de-confiance-le-guide\/"]}]},{"@type":"BreadcrumbList","@id":"https:\/\/www.medoucine.com\/blog\/pratiques-complementaires-et-cadre-de-confiance-le-guide\/#breadcrumb","itemListElement":[{"@type":"ListItem","position":1,"name":"Blog Medoucine","item":"https:\/\/www.medoucine.com\/blog\/"},{"@type":"ListItem","position":2,"name":"Pratiques compl\u00e9mentaires et cadre de confiance"}]},{"@type":"WebSite","@id":"https:\/\/www.medoucine.com\/blog\/#website","url":"https:\/\/www.medoucine.com\/blog\/","name":"Blog de Medoucine","description":"Le blog des m\u00e9decines douces","publisher":{"@id":"https:\/\/www.medoucine.com\/blog\/#organization"},"potentialAction":[{"@type":"SearchAction","target":{"@type":"EntryPoint","urlTemplate":"https:\/\/www.medoucine.com\/blog\/?s={search_term_string}"},"query-input":{"@type":"PropertyValueSpecification","valueRequired":true,"valueName":"search_term_string"}}],"inLanguage":"fr-FR"},{"@type":"Organization","@id":"https:\/\/www.medoucine.com\/blog\/#organization","name":"Medoucine","url":"https:\/\/www.medoucine.com\/blog\/","logo":{"@type":"ImageObject","inLanguage":"fr-FR","@id":"https:\/\/www.medoucine.com\/blog\/#\/schema\/logo\/image\/","url":"https:\/\/www.medoucine.com\/blog\/wp-content\/uploads\/2019\/07\/logo@3x.png","contentUrl":"https:\/\/www.medoucine.com\/blog\/wp-content\/uploads\/2019\/07\/logo@3x.png","width":555,"height":135,"caption":"Medoucine"},"image":{"@id":"https:\/\/www.medoucine.com\/blog\/#\/schema\/logo\/image\/"},"sameAs":["https:\/\/www.facebook.com\/medoucine\/","https:\/\/x.com\/medoucinefr","https:\/\/www.instagram.com\/medoucine\/","https:\/\/www.youtube.com\/channel\/UCtZeUeJ_KebYK0KJAXjJV8g"]}]}},"_links":{"self":[{"href":"https:\/\/www.medoucine.com\/blog\/wp-json\/wp\/v2\/pages\/29553","targetHints":{"allow":["GET"]}}],"collection":[{"href":"https:\/\/www.medoucine.com\/blog\/wp-json\/wp\/v2\/pages"}],"about":[{"href":"https:\/\/www.medoucine.com\/blog\/wp-json\/wp\/v2\/types\/page"}],"author":[{"embeddable":true,"href":"https:\/\/www.medoucine.com\/blog\/wp-json\/wp\/v2\/users\/220"}],"replies":[{"embeddable":true,"href":"https:\/\/www.medoucine.com\/blog\/wp-json\/wp\/v2\/comments?post=29553"}],"version-history":[{"count":11,"href":"https:\/\/www.medoucine.com\/blog\/wp-json\/wp\/v2\/pages\/29553\/revisions"}],"predecessor-version":[{"id":30113,"href":"https:\/\/www.medoucine.com\/blog\/wp-json\/wp\/v2\/pages\/29553\/revisions\/30113"}],"wp:attachment":[{"href":"https:\/\/www.medoucine.com\/blog\/wp-json\/wp\/v2\/media?parent=29553"}],"curies":[{"name":"wp","href":"https:\/\/api.w.org\/{rel}","templated":true}]}}